{"id":12934,"date":"2025-05-22T18:45:38","date_gmt":"2025-05-22T16:45:38","guid":{"rendered":"https:\/\/www.latemplerie-chambre-hote-la-fleche.fr\/?page_id=12934"},"modified":"2026-04-04T10:23:35","modified_gmt":"2026-04-04T08:23:35","slug":"la-templerie-en-scenes-festival-2026","status":"publish","type":"page","link":"https:\/\/www.latemplerie-chambre-hote-la-fleche.fr\/fr\/la-templerie-en-scenes-festival-2026\/","title":{"rendered":"La Templerie en Sc\u00e8nes, Festival &#8211; 2e \u00e9dition &#8211; 29, 30 et 31 mai 2026 \u00e0 La Fl\u00e8che"},"content":{"rendered":"\t\t<div data-elementor-type=\"wp-page\" data-elementor-id=\"12934\" class=\"elementor elementor-12934\" data-elementor-post-type=\"page\">\n\t\t\t\t\t\t<section data-dce-background-image-url=\"https:\/\/www.latemplerie-chambre-hote-la-fleche.fr\/wp-content\/uploads\/festival-templerie-en-scenes\/festival-templerie-en-scenes-header.webp\" class=\"elementor-section elementor-top-section elementor-element elementor-element-1f79980 elementor-section-full_width elementor-section-height-min-height elementor-section-height-default elementor-section-items-middle\" data-id=\"1f79980\" data-element_type=\"section\" data-e-type=\"section\" data-settings=\"{&quot;background_background&quot;:&quot;classic&quot;}\">\n\t\t\t\t\t\t\t<div class=\" elementor-background-overlay lazyelementorbackgroundimages \"><\/div>\n\t\t\t\t\t\t\t<div class=\"elementor-container elementor-column-gap-default\">\n\t\t\t\t\t<div class=\"elementor-column elementor-col-100 elementor-top-column elementor-element elementor-element-2390fbc\" data-id=\"2390fbc\" data-element_type=\"column\" data-e-type=\"column\">\n\t\t\t<div class=\"elementor-widget-wrap elementor-element-populated\">\n\t\t\t\t\t\t<div class=\"elementor-element elementor-element-04d8a84 elementor-widget elementor-widget-spacer\" data-id=\"04d8a84\" data-element_type=\"widget\" data-e-type=\"widget\" data-widget_type=\"spacer.default\">\n\t\t\t\t<div class=\"elementor-widget-container\">\n\t\t\t\t\t\t\t<div class=\"elementor-spacer\">\n\t\t\t<div class=\"elementor-spacer-inner\"><\/div>\n\t\t<\/div>\n\t\t\t\t\t\t<\/div>\n\t\t\t\t<\/div>\n\t\t\t\t\t<\/div>\n\t\t<\/div>\n\t\t\t\t\t<\/div>\n\t\t<\/section>\n\t\t\t\t<section data-dce-background-overlay-image-url=\"https:\/\/www.latemplerie-chambre-hote-la-fleche.fr\/wp-content\/uploads\/theme\/deco-events-1.png\" class=\"elementor-section elementor-top-section elementor-element elementor-element-cade517 elementor-section-full_width elementor-section-height-default elementor-section-height-default\" data-id=\"cade517\" data-element_type=\"section\" data-e-type=\"section\" data-settings=\"{&quot;background_background&quot;:&quot;classic&quot;}\">\n\t\t\t\t\t\t\t<div class=\" elementor-background-overlay lazyelementorbackgroundimages \"><\/div>\n\t\t\t\t\t\t\t<div class=\"elementor-container elementor-column-gap-default\">\n\t\t\t\t\t<div class=\"elementor-column elementor-col-100 elementor-top-column elementor-element elementor-element-44c4001\" data-id=\"44c4001\" data-element_type=\"column\" data-e-type=\"column\">\n\t\t\t<div class=\"elementor-widget-wrap elementor-element-populated\">\n\t\t\t\t\t\t<div data-dce-title-color=\"#FFFFFF\" class=\"elementor-element elementor-element-6a6296a elementor-widget elementor-widget-heading\" data-id=\"6a6296a\" data-element_type=\"widget\" data-e-type=\"widget\" data-widget_type=\"heading.default\">\n\t\t\t\t<div class=\"elementor-widget-container\">\n\t\t\t\t\t<h1 class=\"elementor-heading-title elementor-size-default\">La Templerie en Sc\u00e8nes - La Fl\u00e8che - 2e \u00e9dition<\/h1>\t\t\t\t<\/div>\n\t\t\t\t<\/div>\n\t\t\t\t<div data-dce-title-color=\"#FFFFFF\" class=\"elementor-element elementor-element-3244deb elementor-widget elementor-widget-heading\" data-id=\"3244deb\" data-element_type=\"widget\" data-e-type=\"widget\" data-widget_type=\"heading.default\">\n\t\t\t\t<div class=\"elementor-widget-container\">\n\t\t\t\t\t<h2 class=\"elementor-heading-title elementor-size-default\">Festival en plein air \u2013 29, 30 et 31 mai 2026 \u00e0 La Fl\u00e8che<\/h2>\t\t\t\t<\/div>\n\t\t\t\t<\/div>\n\t\t\t\t<div class=\"elementor-element elementor-element-5bee6e5 elementor-align-center elementor-mobile-align-center elementor-widget elementor-widget-button\" data-id=\"5bee6e5\" data-element_type=\"widget\" data-e-type=\"widget\" data-widget_type=\"button.default\">\n\t\t\t\t<div class=\"elementor-widget-container\">\n\t\t\t\t\t\t\t\t\t<div class=\"elementor-button-wrapper\">\n\t\t\t\t\t<a class=\"elementor-button elementor-button-link elementor-size-sm\" href=\"https:\/\/www.helloasso.com\/associations\/la-templerie-en-scenes\/evenements\/festival-la-templerie-en-scenes-du-29-au-31-mai-2026\" target=\"_blank\">\n\t\t\t\t\t\t<span class=\"elementor-button-content-wrapper\">\n\t\t\t\t\t\t\t\t\t<span class=\"elementor-button-text\">R\u00e9servez vos places sur HelloAsso<\/span>\n\t\t\t\t\t<\/span>\n\t\t\t\t\t<\/a>\n\t\t\t\t<\/div>\n\t\t\t\t\t\t\t\t<\/div>\n\t\t\t\t<\/div>\n\t\t\t\t\t<\/div>\n\t\t<\/div>\n\t\t\t\t\t<\/div>\n\t\t<\/section>\n\t\t\t\t<section class=\"elementor-section elementor-top-section elementor-element elementor-element-2012d28 elementor-section-boxed elementor-section-height-default elementor-section-height-default\" data-id=\"2012d28\" data-element_type=\"section\" data-e-type=\"section\">\n\t\t\t\t\t\t<div class=\"elementor-container elementor-column-gap-default\">\n\t\t\t\t\t<div class=\"elementor-column elementor-col-100 elementor-top-column elementor-element elementor-element-8ab6f27\" data-id=\"8ab6f27\" data-element_type=\"column\" data-e-type=\"column\">\n\t\t\t<div class=\"elementor-widget-wrap elementor-element-populated\">\n\t\t\t\t\t\t<div class=\"elementor-element elementor-element-1ff8324 elementor-widget elementor-widget-heading\" data-id=\"1ff8324\" data-element_type=\"widget\" data-e-type=\"widget\" data-widget_type=\"heading.default\">\n\t\t\t\t<div class=\"elementor-widget-container\">\n\t\t\t\t\t<h2 class=\"elementor-heading-title elementor-size-default\">Un festival entre Nature et Art<\/h2>\t\t\t\t<\/div>\n\t\t\t\t<\/div>\n\t\t\t\t<div class=\"elementor-element elementor-element-ac4c097 elementor-widget-divider--view-line elementor-widget elementor-widget-divider\" data-id=\"ac4c097\" data-element_type=\"widget\" data-e-type=\"widget\" data-widget_type=\"divider.default\">\n\t\t\t\t<div class=\"elementor-widget-container\">\n\t\t\t\t\t\t\t<div class=\"elementor-divider\">\n\t\t\t<span class=\"elementor-divider-separator\">\n\t\t\t\t\t\t<\/span>\n\t\t<\/div>\n\t\t\t\t\t\t<\/div>\n\t\t\t\t<\/div>\n\t\t\t\t<div class=\"elementor-element elementor-element-a42db6d elementor-widget elementor-widget-heading\" data-id=\"a42db6d\" data-element_type=\"widget\" data-e-type=\"widget\" data-widget_type=\"heading.default\">\n\t\t\t\t<div class=\"elementor-widget-container\">\n\t\t\t\t\t<h3 class=\"elementor-heading-title elementor-size-default\">La Templerie ouvre \u00e0 nouveau ses portes pour trois jours de spectacles vivants en plein air. Dans le parc arbor\u00e9 de ce lieu d'exception au c\u0153ur de La Fl\u00e8che, laissez-vous emporter par la musique, le th\u00e9\u00e2tre et la voix, port\u00e9s par des artistes d'exception. Piano, clavecin, ch\u0153ur, quatuor \u00e0 cordes et th\u00e9\u00e2tre : <br><b>six spectacles \u00e0 d\u00e9couvrir du 29 au 31 mai 2026.<\/b><\/h3>\t\t\t\t<\/div>\n\t\t\t\t<\/div>\n\t\t\t\t\t<\/div>\n\t\t<\/div>\n\t\t\t\t\t<\/div>\n\t\t<\/section>\n\t\t\t\t<section class=\"elementor-section elementor-top-section elementor-element elementor-element-6e31a76 elementor-section-boxed elementor-section-height-default elementor-section-height-default\" data-id=\"6e31a76\" data-element_type=\"section\" data-e-type=\"section\">\n\t\t\t\t\t\t<div class=\"elementor-container elementor-column-gap-default\">\n\t\t\t\t\t<div class=\"elementor-column elementor-col-50 elementor-top-column elementor-element elementor-element-1dc4b2e\" data-id=\"1dc4b2e\" data-element_type=\"column\" data-e-type=\"column\">\n\t\t\t<div class=\"elementor-widget-wrap elementor-element-populated\">\n\t\t\t\t\t\t<div class=\"elementor-element elementor-element-d727871 elementor-widget elementor-widget-heading\" data-id=\"d727871\" data-element_type=\"widget\" data-e-type=\"widget\" data-widget_type=\"heading.default\">\n\t\t\t\t<div class=\"elementor-widget-container\">\n\t\t\t\t\t<h2 class=\"elementor-heading-title elementor-size-default\">Programme<\/h2>\t\t\t\t<\/div>\n\t\t\t\t<\/div>\n\t\t\t\t<div class=\"elementor-element elementor-element-6a2ff93 elementor-widget elementor-widget-text-editor\" data-id=\"6a2ff93\" data-element_type=\"widget\" data-e-type=\"widget\" data-widget_type=\"text-editor.default\">\n\t\t\t\t<div class=\"elementor-widget-container\">\n\t\t\t\t\t\t\t\t\t<ul>\n \t<li><strong>Vendredi 29 mai &#8211; 19h00<\/strong> : Le Ch\u0153ur d&rsquo;hommes &amp; l&rsquo;Atelier Lyrique &#8211; sous la direction d&rsquo;Irina Nikonovich<\/li>\n \t<li><strong>Vendredi 29 mai &#8211; 21h15<\/strong> : R\u00e9cital de piano &#8211; Th\u00e9otime Gillot<\/li>\n \t<li><strong>Samedi 30 mai &#8211; 19h00<\/strong> : Clavecin &#8211; Cl\u00e9mentine Huet-Ulmer (Jeunes talents)<\/li>\n \t<li><strong>Samedi 30 mai &#8211; 21h00<\/strong> : Quatuor \u00e0 cordes avec basson &#8211; Ensemble Opus 29<\/li>\n \t<li><strong>Dimanche 31 mai &#8211; 15h00<\/strong> : Th\u00e9\u00e2tre \u00ab\u00a0Je suis \u00e0 vous\u00a0\u00bb &#8211; Compagnie De Sc\u00e8nes et de Feu<\/li>\n \t<li><strong>Dimanche 31 mai &#8211; 17h00<\/strong> : R\u00e9cital de piano &#8211; Joanna Szczepaniak<\/li>\n<\/ul>\t\t\t\t\t\t\t\t<\/div>\n\t\t\t\t<\/div>\n\t\t\t\t<div class=\"elementor-element elementor-element-19edf5c elementor-widget-divider--view-line elementor-widget elementor-widget-divider\" data-id=\"19edf5c\" data-element_type=\"widget\" data-e-type=\"widget\" data-widget_type=\"divider.default\">\n\t\t\t\t<div class=\"elementor-widget-container\">\n\t\t\t\t\t\t\t<div class=\"elementor-divider\">\n\t\t\t<span class=\"elementor-divider-separator\">\n\t\t\t\t\t\t<\/span>\n\t\t<\/div>\n\t\t\t\t\t\t<\/div>\n\t\t\t\t<\/div>\n\t\t\t\t<div class=\"elementor-element elementor-element-5891a69 elementor-widget elementor-widget-heading\" data-id=\"5891a69\" data-element_type=\"widget\" data-e-type=\"widget\" data-widget_type=\"heading.default\">\n\t\t\t\t<div class=\"elementor-widget-container\">\n\t\t\t\t\t<h2 class=\"elementor-heading-title elementor-size-default\">Tarifs et R\u00e9servation<\/h2>\t\t\t\t<\/div>\n\t\t\t\t<\/div>\n\t\t\t\t<div class=\"elementor-element elementor-element-78e052b elementor-widget elementor-widget-text-editor\" data-id=\"78e052b\" data-element_type=\"widget\" data-e-type=\"widget\" data-widget_type=\"text-editor.default\">\n\t\t\t\t<div class=\"elementor-widget-container\">\n\t\t\t\t\t\t\t\t\t<ul><li><strong>Spectacle unique<\/strong> : 15,00 \u20ac adulte \/ 10,00 \u20ac \u00e9tudiant \/ 8,00 \u20ac enfant<\/li><li><strong>Pass 1 journ\u00e9e (2 spectacles)<\/strong> : 26,00 \u20ac adulte \/ 16,00 \u20ac \u00e9tudiant \/ 12,00 \u20ac enfant<\/li><li><strong>Pass Festival (6 spectacles)<\/strong> : 70,00 \u20ac adulte \/ 50,00 \u20ac \u00e9tudiant \/ 44,00 \u20ac enfant<\/li><\/ul><p><br \/>R\u00e9servation en ligne sur <a href=\"https:\/\/www.helloasso.com\/associations\/la-templerie-en-scenes\/evenements\/festival-la-templerie-en-scenes-du-29-au-31-mai-2026\">HelloAsso<\/a> ou en vente sur place \u00e0 La Templerie et \u00e0 la Pharmacie du March\u00e9, 58 rue Carnot, 72200 La Fl\u00e8che.<\/p>\t\t\t\t\t\t\t\t<\/div>\n\t\t\t\t<\/div>\n\t\t\t\t<div class=\"elementor-element elementor-element-800856b elementor-widget-divider--view-line elementor-widget elementor-widget-divider\" data-id=\"800856b\" data-element_type=\"widget\" data-e-type=\"widget\" data-widget_type=\"divider.default\">\n\t\t\t\t<div class=\"elementor-widget-container\">\n\t\t\t\t\t\t\t<div class=\"elementor-divider\">\n\t\t\t<span class=\"elementor-divider-separator\">\n\t\t\t\t\t\t<\/span>\n\t\t<\/div>\n\t\t\t\t\t\t<\/div>\n\t\t\t\t<\/div>\n\t\t\t\t<div class=\"elementor-element elementor-element-101d464 elementor-widget elementor-widget-heading\" data-id=\"101d464\" data-element_type=\"widget\" data-e-type=\"widget\" data-widget_type=\"heading.default\">\n\t\t\t\t<div class=\"elementor-widget-container\">\n\t\t\t\t\t<h2 class=\"elementor-heading-title elementor-size-default\">Infos pratiques<\/h2>\t\t\t\t<\/div>\n\t\t\t\t<\/div>\n\t\t\t\t<div class=\"elementor-element elementor-element-6a68c9e elementor-widget elementor-widget-text-editor\" data-id=\"6a68c9e\" data-element_type=\"widget\" data-e-type=\"widget\" data-widget_type=\"text-editor.default\">\n\t\t\t\t<div class=\"elementor-widget-container\">\n\t\t\t\t\t\t\t\t\t<p><b>La Templerie \u2013 41 bis Rue de la Tour d\u2019Auvergne, 72200 La Fl\u00e8che<\/b><\/p><p>Placement libre. Spectacles en plein air. En cas de pluie, pr\u00e9voir des v\u00eatements adapt\u00e9s. Un barnum est pr\u00e9vu pour abriter les spectateurs.<\/p><p>Boissons avec et sans alcool, sandwich et p\u00e2tisseries seront propos\u00e9s au bar<br \/>pendant l\u2019entracte.<\/p><p>Contact : <a href=\"mailto:latemplerie.enscenes@gmail.com\">latemplerie.enscenes@gmail.com<\/a> \u2013 <a href=\"tel:+33687843406\">06 87 84 34 06<\/a><\/p>\t\t\t\t\t\t\t\t<\/div>\n\t\t\t\t<\/div>\n\t\t\t\t\t<\/div>\n\t\t<\/div>\n\t\t\t\t<div class=\"elementor-column elementor-col-50 elementor-top-column elementor-element elementor-element-d2470e8\" data-id=\"d2470e8\" data-element_type=\"column\" data-e-type=\"column\">\n\t\t\t<div class=\"elementor-widget-wrap elementor-element-populated\">\n\t\t\t\t\t\t<div class=\"elementor-element elementor-element-2718cc6 elementor-widget elementor-widget-image\" data-id=\"2718cc6\" data-element_type=\"widget\" data-e-type=\"widget\" data-widget_type=\"image.default\">\n\t\t\t\t<div class=\"elementor-widget-container\">\n\t\t\t\t\t\t\t\t\t\t\t\t\t\t\t\t<a href=\"https:\/\/www.latemplerie-chambre-hote-la-fleche.fr\/wp-content\/uploads\/festival-templerie-en-scenes\/festival-la-templerie-en-scenes-flyer.pdf\" target=\"_blank\">\n\t\t\t\t\t\t\t<img fetchpriority=\"high\" decoding=\"async\" width=\"500\" height=\"710\" src=\"https:\/\/www.latemplerie-chambre-hote-la-fleche.fr\/wp-content\/uploads\/festival-templerie-en-scenes\/festival-flyer.webp\" class=\"attachment-large size-large wp-image-12962\" alt=\"La Templerie en Sc\u00e8nes, 2e \u00e9dition - 29, 30 et 31 mai 2026 \u00e0 La Fl\u00e8che - Six spectacles de musique classique et th\u00e9\u00e2tre en plein air\" srcset=\"https:\/\/www.latemplerie-chambre-hote-la-fleche.fr\/wp-content\/uploads\/festival-templerie-en-scenes\/festival-flyer.webp 500w, https:\/\/www.latemplerie-chambre-hote-la-fleche.fr\/wp-content\/uploads\/festival-templerie-en-scenes\/festival-flyer-211x300.webp 211w\" sizes=\"(max-width: 500px) 100vw, 500px\" \/>\t\t\t\t\t\t\t\t<\/a>\n\t\t\t\t\t\t\t\t\t\t\t\t\t\t\t<\/div>\n\t\t\t\t<\/div>\n\t\t\t\t<div class=\"elementor-element elementor-element-3fbd279 elementor-align-center elementor-mobile-align-center elementor-widget elementor-widget-button\" data-id=\"3fbd279\" data-element_type=\"widget\" data-e-type=\"widget\" data-widget_type=\"button.default\">\n\t\t\t\t<div class=\"elementor-widget-container\">\n\t\t\t\t\t\t\t\t\t<div class=\"elementor-button-wrapper\">\n\t\t\t\t\t<a class=\"elementor-button elementor-button-link elementor-size-sm\" href=\"https:\/\/www.latemplerie-chambre-hote-la-fleche.fr\/wp-content\/uploads\/festival-templerie-en-scenes\/festival-la-templerie-en-scenes-flyer.pdf\" target=\"_blank\">\n\t\t\t\t\t\t<span class=\"elementor-button-content-wrapper\">\n\t\t\t\t\t\t\t\t\t<span class=\"elementor-button-text\">T\u00e9l\u00e9charger le flyer\u200b<\/span>\n\t\t\t\t\t<\/span>\n\t\t\t\t\t<\/a>\n\t\t\t\t<\/div>\n\t\t\t\t\t\t\t\t<\/div>\n\t\t\t\t<\/div>\n\t\t\t\t\t<\/div>\n\t\t<\/div>\n\t\t\t\t\t<\/div>\n\t\t<\/section>\n\t\t\t\t<section class=\"elementor-section elementor-top-section elementor-element elementor-element-ad30e2a elementor-section-full_width elementor-section-height-default elementor-section-height-default\" data-id=\"ad30e2a\" data-element_type=\"section\" data-e-type=\"section\">\n\t\t\t\t\t\t<div class=\"elementor-container elementor-column-gap-no\">\n\t\t\t\t\t<div data-dce-background-image-url=\"https:\/\/www.latemplerie-chambre-hote-la-fleche.fr\/wp-content\/uploads\/la-templerie-photos\/la-templerie-view-001.jpg\" class=\"elementor-column elementor-col-50 elementor-top-column elementor-element elementor-element-844d2a0\" data-id=\"844d2a0\" data-element_type=\"column\" data-e-type=\"column\" data-settings=\"{&quot;background_background&quot;:&quot;classic&quot;}\">\n\t\t\t<div class=\"elementor-widget-wrap elementor-element-populated\">\n\t\t\t\t\t\t<div class=\"elementor-element elementor-element-58c18ea elementor-widget elementor-widget-spacer\" data-id=\"58c18ea\" data-element_type=\"widget\" data-e-type=\"widget\" data-widget_type=\"spacer.default\">\n\t\t\t\t<div class=\"elementor-widget-container\">\n\t\t\t\t\t\t\t<div class=\"elementor-spacer\">\n\t\t\t<div class=\"elementor-spacer-inner\"><\/div>\n\t\t<\/div>\n\t\t\t\t\t\t<\/div>\n\t\t\t\t<\/div>\n\t\t\t\t\t<\/div>\n\t\t<\/div>\n\t\t\t\t<div class=\"elementor-column elementor-col-50 elementor-top-column elementor-element elementor-element-f2d1ad1\" data-id=\"f2d1ad1\" data-element_type=\"column\" data-e-type=\"column\" data-settings=\"{&quot;background_background&quot;:&quot;classic&quot;}\">\n\t\t\t<div class=\"elementor-widget-wrap elementor-element-populated\">\n\t\t\t\t\t\t<div class=\"elementor-element elementor-element-09752aa elementor-widget elementor-widget-heading\" data-id=\"09752aa\" data-element_type=\"widget\" data-e-type=\"widget\" data-widget_type=\"heading.default\">\n\t\t\t\t<div class=\"elementor-widget-container\">\n\t\t\t\t\t<h2 class=\"elementor-heading-title elementor-size-default\">Venir \u00e0 la Templerie<\/h2>\t\t\t\t<\/div>\n\t\t\t\t<\/div>\n\t\t\t\t<section class=\"elementor-section elementor-inner-section elementor-element elementor-element-b4e128f elementor-section-full_width elementor-section-height-default elementor-section-height-default\" data-id=\"b4e128f\" data-element_type=\"section\" data-e-type=\"section\">\n\t\t\t\t\t\t<div class=\"elementor-container elementor-column-gap-no\">\n\t\t\t\t\t<div class=\"elementor-column elementor-col-50 elementor-inner-column elementor-element elementor-element-51e0179\" data-id=\"51e0179\" data-element_type=\"column\" data-e-type=\"column\">\n\t\t\t<div class=\"elementor-widget-wrap elementor-element-populated\">\n\t\t\t\t\t\t<div class=\"elementor-element elementor-element-85b554b elementor-widget elementor-widget-image\" data-id=\"85b554b\" data-element_type=\"widget\" data-e-type=\"widget\" data-widget_type=\"image.default\">\n\t\t\t\t<div class=\"elementor-widget-container\">\n\t\t\t\t\t\t\t\t\t\t\t\t\t\t\t<img decoding=\"async\" width=\"100\" height=\"100\" src=\"https:\/\/www.latemplerie-chambre-hote-la-fleche.fr\/wp-content\/uploads\/2022\/07\/icon-train.png\" class=\"attachment-full size-full wp-image-9068\" alt=\"\" \/>\t\t\t\t\t\t\t\t\t\t\t\t\t\t\t<\/div>\n\t\t\t\t<\/div>\n\t\t\t\t\t<\/div>\n\t\t<\/div>\n\t\t\t\t<div class=\"elementor-column elementor-col-50 elementor-inner-column elementor-element elementor-element-b64d739\" data-id=\"b64d739\" data-element_type=\"column\" data-e-type=\"column\">\n\t\t\t<div class=\"elementor-widget-wrap elementor-element-populated\">\n\t\t\t\t\t\t<div data-dce-text-color=\"#FFFFFF\" class=\"elementor-element elementor-element-845fdef elementor-widget elementor-widget-text-editor\" data-id=\"845fdef\" data-element_type=\"widget\" data-e-type=\"widget\" data-widget_type=\"text-editor.default\">\n\t\t\t\t<div class=\"elementor-widget-container\">\n\t\t\t\t\t\t\t\t\t<p><b>En train :\u00a0<\/b> <br \/>Paris \u2013 le Mans : 55 minutes<br \/>Paris \u2013 Sabl\u00e9 : 1h30 minutes<\/p><p><span style=\"font-weight: 400;\">Le Mans \u2013 la Fl\u00e8che en car SNCF (ligne Le Mans \u2013 La Fl\u00e8che \u2013 Saumur) :\u00a0\u00a0<\/span><span style=\"font-weight: 400;\">50 minutes environ<\/span><\/p>\t\t\t\t\t\t\t\t<\/div>\n\t\t\t\t<\/div>\n\t\t\t\t\t<\/div>\n\t\t<\/div>\n\t\t\t\t\t<\/div>\n\t\t<\/section>\n\t\t\t\t<section class=\"elementor-section elementor-inner-section elementor-element elementor-element-cc86df6 elementor-section-full_width elementor-section-height-default elementor-section-height-default\" data-id=\"cc86df6\" data-element_type=\"section\" data-e-type=\"section\">\n\t\t\t\t\t\t<div class=\"elementor-container elementor-column-gap-no\">\n\t\t\t\t\t<div class=\"elementor-column elementor-col-50 elementor-inner-column elementor-element elementor-element-c3aff64\" data-id=\"c3aff64\" data-element_type=\"column\" data-e-type=\"column\">\n\t\t\t<div class=\"elementor-widget-wrap elementor-element-populated\">\n\t\t\t\t\t\t<div class=\"elementor-element elementor-element-1e26162 elementor-widget elementor-widget-image\" data-id=\"1e26162\" data-element_type=\"widget\" data-e-type=\"widget\" data-widget_type=\"image.default\">\n\t\t\t\t<div class=\"elementor-widget-container\">\n\t\t\t\t\t\t\t\t\t\t\t\t\t\t\t<img decoding=\"async\" width=\"100\" height=\"100\" src=\"https:\/\/www.latemplerie-chambre-hote-la-fleche.fr\/wp-content\/uploads\/2022\/07\/icon-avion.png\" class=\"attachment-full size-full wp-image-9065\" alt=\"\" \/>\t\t\t\t\t\t\t\t\t\t\t\t\t\t\t<\/div>\n\t\t\t\t<\/div>\n\t\t\t\t\t<\/div>\n\t\t<\/div>\n\t\t\t\t<div class=\"elementor-column elementor-col-50 elementor-inner-column elementor-element elementor-element-faf76a5\" data-id=\"faf76a5\" data-element_type=\"column\" data-e-type=\"column\">\n\t\t\t<div class=\"elementor-widget-wrap elementor-element-populated\">\n\t\t\t\t\t\t<div class=\"elementor-element elementor-element-c76cae4 elementor-widget elementor-widget-text-editor\" data-id=\"c76cae4\" data-element_type=\"widget\" data-e-type=\"widget\" data-widget_type=\"text-editor.default\">\n\t\t\t\t<div class=\"elementor-widget-container\">\n\t\t\t\t\t\t\t\t\t<p><b>En avion : <br \/><\/b>\u00c0 1h30 minutes en voiture de l\u2019a\u00e9roport<br \/>Nantes Atlantique<\/p>\t\t\t\t\t\t\t\t<\/div>\n\t\t\t\t<\/div>\n\t\t\t\t\t<\/div>\n\t\t<\/div>\n\t\t\t\t\t<\/div>\n\t\t<\/section>\n\t\t\t\t<section class=\"elementor-section elementor-inner-section elementor-element elementor-element-a8b8070 elementor-section-full_width elementor-section-height-default elementor-section-height-default\" data-id=\"a8b8070\" data-element_type=\"section\" data-e-type=\"section\">\n\t\t\t\t\t\t<div class=\"elementor-container elementor-column-gap-no\">\n\t\t\t\t\t<div class=\"elementor-column elementor-col-50 elementor-inner-column elementor-element elementor-element-348f4e9\" data-id=\"348f4e9\" data-element_type=\"column\" data-e-type=\"column\">\n\t\t\t<div class=\"elementor-widget-wrap elementor-element-populated\">\n\t\t\t\t\t\t<div class=\"elementor-element elementor-element-bd02da4 elementor-widget elementor-widget-image\" data-id=\"bd02da4\" data-element_type=\"widget\" data-e-type=\"widget\" data-widget_type=\"image.default\">\n\t\t\t\t<div class=\"elementor-widget-container\">\n\t\t\t\t\t\t\t\t\t\t\t\t\t\t\t<img loading=\"lazy\" decoding=\"async\" width=\"100\" height=\"100\" src=\"https:\/\/www.latemplerie-chambre-hote-la-fleche.fr\/wp-content\/uploads\/2022\/07\/icon-voiture.png\" class=\"attachment-full size-full wp-image-9062\" alt=\"\" \/>\t\t\t\t\t\t\t\t\t\t\t\t\t\t\t<\/div>\n\t\t\t\t<\/div>\n\t\t\t\t\t<\/div>\n\t\t<\/div>\n\t\t\t\t<div class=\"elementor-column elementor-col-50 elementor-inner-column elementor-element elementor-element-c9f2e88\" data-id=\"c9f2e88\" data-element_type=\"column\" data-e-type=\"column\">\n\t\t\t<div class=\"elementor-widget-wrap elementor-element-populated\">\n\t\t\t\t\t\t<div class=\"elementor-element elementor-element-1c4012d elementor-widget elementor-widget-text-editor\" data-id=\"1c4012d\" data-element_type=\"widget\" data-e-type=\"widget\" data-widget_type=\"text-editor.default\">\n\t\t\t\t<div class=\"elementor-widget-container\">\n\t\t\t\t\t\t\t\t\t<p><b>En voiture :\u00a0<br \/><\/b>Paris \u2013\u00a0 2h30 minutes\u00a0<br \/>Nantes &#8211; 1h30 minutes\u00a0<br \/>Tours &#8211; 1h10 minutes<br \/>Rennes &#8211; 2h15 minutes<br \/>La Rochelle &#8211; 2h40 minutes<br \/>Bordeaux &#8211; 4h15 minutes<\/p>\t\t\t\t\t\t\t\t<\/div>\n\t\t\t\t<\/div>\n\t\t\t\t\t<\/div>\n\t\t<\/div>\n\t\t\t\t\t<\/div>\n\t\t<\/section>\n\t\t\t\t\t<\/div>\n\t\t<\/div>\n\t\t\t\t\t<\/div>\n\t\t<\/section>\n\t\t\t\t<\/div>\n\t\t","protected":false},"excerpt":{"rendered":"<p>La Templerie en Sc\u00e8nes &#8211; La Fl\u00e8che &#8211; 2e \u00e9dition Festival en plein air \u2013 29, 30 et 31 mai 2026 \u00e0 La Fl\u00e8che R\u00e9servez vos places sur HelloAsso Un festival entre Nature et Art La Templerie ouvre \u00e0 nouveau ses portes pour trois jours de spectacles vivants en plein air. Dans le parc arbor\u00e9 [&hellip;]<\/p>\n","protected":false},"author":1,"featured_media":0,"parent":0,"menu_order":0,"comment_status":"closed","ping_status":"closed","template":"","meta":{"_acf_changed":false,"footnotes":""},"class_list":["post-12934","page","type-page","status-publish","hentry"],"acf":[],"_links":{"self":[{"href":"https:\/\/www.latemplerie-chambre-hote-la-fleche.fr\/fr\/wp-json\/wp\/v2\/pages\/12934","targetHints":{"allow":["GET"]}}],"collection":[{"href":"https:\/\/www.latemplerie-chambre-hote-la-fleche.fr\/fr\/wp-json\/wp\/v2\/pages"}],"about":[{"href":"https:\/\/www.latemplerie-chambre-hote-la-fleche.fr\/fr\/wp-json\/wp\/v2\/types\/page"}],"author":[{"embeddable":true,"href":"https:\/\/www.latemplerie-chambre-hote-la-fleche.fr\/fr\/wp-json\/wp\/v2\/users\/1"}],"replies":[{"embeddable":true,"href":"https:\/\/www.latemplerie-chambre-hote-la-fleche.fr\/fr\/wp-json\/wp\/v2\/comments?post=12934"}],"version-history":[{"count":49,"href":"https:\/\/www.latemplerie-chambre-hote-la-fleche.fr\/fr\/wp-json\/wp\/v2\/pages\/12934\/revisions"}],"predecessor-version":[{"id":13296,"href":"https:\/\/www.latemplerie-chambre-hote-la-fleche.fr\/fr\/wp-json\/wp\/v2\/pages\/12934\/revisions\/13296"}],"wp:attachment":[{"href":"https:\/\/www.latemplerie-chambre-hote-la-fleche.fr\/fr\/wp-json\/wp\/v2\/media?parent=12934"}],"curies":[{"name":"wp","href":"https:\/\/api.w.org\/{rel}","templated":true}]}}